{"id":92,"date":"2018-03-13T14:12:50","date_gmt":"2018-03-13T14:12:50","guid":{"rendered":"http:\/\/boernslivoglaering.dk\/?page_id=92"},"modified":"2018-03-15T09:39:44","modified_gmt":"2018-03-15T09:39:44","slug":"laering","status":"publish","type":"page","link":"https:\/\/boernslivoglaering.dk\/?page_id=92","title":{"rendered":"L\u00e6ring"},"content":{"rendered":"<p>[et_pb_section fb_built=&#8221;1&#8243; admin_label=&#8221;Features&#8221; _builder_version=&#8221;3.0.105&#8243; custom_margin=&#8221;|||&#8221; custom_padding=&#8221;||90px|&#8221;][et_pb_row custom_padding=&#8221;0|0px|0|0px&#8221; _builder_version=&#8221;3.0.106&#8243;][et_pb_column type=&#8221;2_3&#8243; _builder_version=&#8221;3.0.106&#8243; parallax=&#8221;off&#8221; parallax_method=&#8221;on&#8221;][et_pb_text _builder_version=&#8221;3.0.106&#8243; inline_fonts=&#8221;Archivo Black&#8221;]<\/p>\n<h1><span face=\"Archivo Black\" style=\"font-family: 'Archivo Black';\">l\u00e6ring<\/span><\/h1>\n<p>[\/et_pb_text][\/et_pb_column][et_pb_column type=&#8221;1_3&#8243; _builder_version=&#8221;3.0.106&#8243; parallax=&#8221;off&#8221; parallax_method=&#8221;on&#8221;][et_pb_image src=&#8221;http:\/\/boernslivoglaering.dk\/wp-content\/uploads\/2018\/03\/ikon_laering_100x100mm.png&#8221; _builder_version=&#8221;3.0.106&#8243;][\/et_pb_image][\/et_pb_column][\/et_pb_row][et_pb_row custom_padding=&#8221;57px|50px|54px|50px&#8221; custom_padding_phone=&#8221;|20px||20px&#8221; custom_margin=&#8221;50px|||&#8221; background_color=&#8221;#e02f26&#8243; custom_padding_last_edited=&#8221;on|phone&#8221; _builder_version=&#8221;3.0.106&#8243; background_color_gradient_direction=&#8221;106deg&#8221;][et_pb_column type=&#8221;1_3&#8243; _builder_version=&#8221;3.0.47&#8243; parallax=&#8221;off&#8221; parallax_method=&#8221;on&#8221;][et_pb_text _builder_version=&#8221;3.0.106&#8243;]<\/p>\n<p><span style=\"color: #ffffff;\"><em><\/em><\/span><\/p>\n<p><span style=\"color: #ffffff;\"><em>B\u00f8rns l\u00e6ring 1: L\u00e6ringsbaner, 4<\/em>\u00a0min.<\/span><\/p>\n<p><span style=\"color: #ffffff;\">\u201dL\u00e6ringsbaner er de stier barnet og den unge tr\u00e6der gennem deltagelsen i mange forskellige sammenh\u00e6nge, hvor det skaber sit s\u00e6rlige forl\u00f8b eller udformer sin s\u00e6rlige, personlige l\u00e6ringsbane. Banen tegnes over tid og rummer kombinationer og sammenkoblinger af b\u00e5de uddannelse, arbejde, barnets personlige milep\u00e6le, livsbegivenheder og vigtige relationer og netv\u00e6rk\u201d<\/span><\/p>\n<p>[\/et_pb_text][\/et_pb_column][et_pb_column type=&#8221;2_3&#8243; _builder_version=&#8221;3.0.47&#8243; parallax=&#8221;off&#8221; parallax_method=&#8221;on&#8221;][et_pb_video src=&#8221;https:\/\/www.youtube.com\/watch?v=6Gz-dv_hniY&#8221; _builder_version=&#8221;3.0.106&#8243;][\/et_pb_video][\/et_pb_column][\/et_pb_row][et_pb_row custom_padding=&#8221;12px|50px|54px|50px&#8221; custom_padding_phone=&#8221;|20px||20px&#8221; custom_margin=&#8221;50px|||&#8221; background_color=&#8221;#e09900&#8243; custom_padding_last_edited=&#8221;on|phone&#8221; _builder_version=&#8221;3.0.106&#8243; background_color_gradient_direction=&#8221;106deg&#8221;][et_pb_column type=&#8221;2_3&#8243; _builder_version=&#8221;3.0.47&#8243; parallax=&#8221;off&#8221; parallax_method=&#8221;on&#8221;][et_pb_text _builder_version=&#8221;3.0.106&#8243;][\/et_pb_text][et_pb_video src=&#8221;https:\/\/www.youtube.com\/watch?v=Mdt_i2MItF4&#8243; _builder_version=&#8221;3.0.106&#8243;][\/et_pb_video][\/et_pb_column][et_pb_column type=&#8221;1_3&#8243; _builder_version=&#8221;3.0.47&#8243; parallax=&#8221;off&#8221; parallax_method=&#8221;on&#8221;][et_pb_text _builder_version=&#8221;3.0.106&#8243;]<\/p>\n<p><span style=\"color: #ffffff;\"><em><\/em><\/span><\/p>\n<p><span style=\"color: #ffffff;\"><em><\/em><\/span><\/p>\n<p><span style=\"color: #ffffff;\"><\/span><\/p>\n<p><span style=\"color: #ffffff;\"><em>B\u00f8rns l\u00e6ring 2: Situeret l\u00e6ring,<\/em> 4 min.\u00a0<\/span><\/p>\n<p><span style=\"color: #ffffff;\">L\u00e6ring er bl.a. knyttet til deltagelse i sociale praksisf\u00e6llesskaber og finder sted i alle kontekster, vi befinder os i. L\u00e6ring er derfor mere end undervisning og skal ses som en integreret del af daglige aktiviteter. Det flytter fokus fra sp\u00f8rgsm\u00e5let, om b\u00f8rn og unge l\u00e6rer noget ved deltagelse i forskellige aktiviteter til sp\u00f8rgsm\u00e5let om, hvad og hvordan de l\u00e6rer ved deltagelse i de forskellige aktiviteter.<\/span><\/p>\n<p>[\/et_pb_text][\/et_pb_column][\/et_pb_row][et_pb_row custom_padding=&#8221;58px|50px|54px|50px&#8221; custom_padding_phone=&#8221;|20px||20px&#8221; custom_margin=&#8221;50px|||&#8221; background_color=&#8221;#45a8bc&#8221; custom_padding_last_edited=&#8221;on|phone&#8221; _builder_version=&#8221;3.0.106&#8243; background_color_gradient_direction=&#8221;106deg&#8221;][et_pb_column type=&#8221;1_3&#8243; _builder_version=&#8221;3.0.47&#8243; parallax=&#8221;off&#8221; parallax_method=&#8221;on&#8221;][et_pb_text _builder_version=&#8221;3.0.106&#8243;][\/et_pb_text][et_pb_text _builder_version=&#8221;3.0.106&#8243;]<\/p>\n<p><span style=\"color: #ffffff;\"><em>B\u00f8rns l\u00e6ring 3: Praksisl\u00e6ring<\/em>. 4 minutter<\/span><\/p>\n<p><span style=\"color: #ffffff;\">\u201dL\u00e6ring handler i h\u00f8j grad om at blive og v\u00e6re en del af et f\u00e6llesskab. Ved at b\u00f8rnene og de unge bliver en del af et socialt f\u00e6llesskab, f\u00e5r de adgang til b\u00e5de en social og kognitiv l\u00e6reproces. Dermed er l\u00e6ring ogs\u00e5 en tilblivelse, hvor barnets individuelle identitet skabes sammen med l\u00e6ringen og deltagelsen i praksis, hvor b\u00f8rn og unge har hver deres l\u00e6ringsbane og forskellige slags medlemskaber i f\u00e6llesskabet.\u201d<\/span><\/p>\n<p>[\/et_pb_text][\/et_pb_column][et_pb_column type=&#8221;2_3&#8243; _builder_version=&#8221;3.0.47&#8243; parallax=&#8221;off&#8221; parallax_method=&#8221;on&#8221;][et_pb_video src=&#8221;https:\/\/www.youtube.com\/watch?v=nj6oI0mNCzo&#038;t=75s&#8221; _builder_version=&#8221;3.0.106&#8243;][\/et_pb_video][\/et_pb_column][\/et_pb_row][et_pb_row custom_padding=&#8221;58px|50px|66px|50px&#8221; custom_padding_phone=&#8221;|20px||20px&#8221; custom_margin=&#8221;50px|||&#8221; background_color=&#8221;#e02f26&#8243; custom_padding_last_edited=&#8221;on|phone&#8221; _builder_version=&#8221;3.0.106&#8243; background_color_gradient_direction=&#8221;106deg&#8221;][et_pb_column type=&#8221;2_3&#8243; _builder_version=&#8221;3.0.47&#8243; parallax=&#8221;off&#8221; parallax_method=&#8221;on&#8221;][et_pb_video src=&#8221;https:\/\/youtu.be\/Fxx8ZRM7dS4&#8243; _builder_version=&#8221;3.0.106&#8243;][\/et_pb_video][\/et_pb_column][et_pb_column type=&#8221;1_3&#8243; _builder_version=&#8221;3.0.47&#8243; parallax=&#8221;off&#8221; parallax_method=&#8221;on&#8221;][et_pb_text _builder_version=&#8221;3.0.106&#8243;][\/et_pb_text][et_pb_text _builder_version=&#8221;3.0.106&#8243;]<\/p>\n<p><span style=\"color: #ffffff;\">\u00a0<\/span><\/p>\n<p><span style=\"color: #ffffff;\"><em>Hvad er du ved at l\u00e6re lige nu? <\/em>7 min.<\/span><\/p>\n<p><span style=\"color: #ffffff;\">Fire elever (10-11 \u00e5r) svarer p\u00e5 forskellige sp\u00f8rgsm\u00e5l vedr\u00f8rende deres l\u00e6reprocesser<\/span><\/p>\n<p>[\/et_pb_text][\/et_pb_column][\/et_pb_row][et_pb_row custom_padding=&#8221;0|50px|64px|50px&#8221; custom_padding_phone=&#8221;|20px||20px&#8221; custom_margin=&#8221;50px|||&#8221; background_color=&#8221;#e09900&#8243; custom_padding_last_edited=&#8221;on|phone&#8221; _builder_version=&#8221;3.0.106&#8243; background_color_gradient_direction=&#8221;106deg&#8221;][et_pb_column type=&#8221;1_2&#8243; _builder_version=&#8221;3.0.47&#8243; parallax=&#8221;off&#8221; parallax_method=&#8221;on&#8221;][et_pb_text _builder_version=&#8221;3.0.106&#8243;]<\/p>\n<p>\u00a0<\/p>\n<p><span style=\"color: #ffffff;\"><em>Hvad er tidlig Literacy og hvad kan det? <\/em><\/span><\/p>\n<p><span style=\"color: #ffffff;\">Sara Hannibal forklarer literacybegrebet og giver mange konkrete eksempler p\u00e5, hvordan der kan arbejdes med udvikling af b\u00f8rns literacykompetence i dagtilbud og skole.<\/span><\/p>\n<p><span style=\"color: #ffffff;\"><\/span><\/p>\n<p>[\/et_pb_text][et_pb_video src=&#8221;https:\/\/youtu.be\/QAb_HhQ6Zi8&#8243; _builder_version=&#8221;3.0.106&#8243;][\/et_pb_video][\/et_pb_column][et_pb_column type=&#8221;1_2&#8243; _builder_version=&#8221;3.0.47&#8243; parallax=&#8221;off&#8221; parallax_method=&#8221;on&#8221;][et_pb_text _builder_version=&#8221;3.0.106&#8243;]<\/p>\n<p>\u00a0<\/p>\n<p>\u00a0<\/p>\n<p>\u00a0<\/p>\n<p>\u00a0<\/p>\n<p>\u00a0<\/p>\n<p>\u00a0<\/p>\n<p><span style=\"color: #ffffff;\"><em>Hvad er tidlig numracy\/matematikkompetence og hvad kan det?<\/em><\/span><\/p>\n<p><span style=\"color: #ffffff;\">Michael Wahl forklarer at numracy er den viden og de kompetencer man har brug for n\u00e5r man skal kunne klare sin hverdag. Numracy drejer sig om meget andet end at kunne regne og MW giver mange eksempler p\u00e5 hvordan der kan arbejdes med numracy i dagtilbud og skole.\u00a0<\/span><\/p>\n<p>[\/et_pb_text][et_pb_video src=&#8221;https:\/\/www.youtube.com\/watch?v=7vyYYE_W_PU&#038;t=240s&#8221; _builder_version=&#8221;3.0.106&#8243;][\/et_pb_video][\/et_pb_column][\/et_pb_row][et_pb_row custom_padding=&#8221;0|50px|90px|50px&#8221; custom_padding_phone=&#8221;|20px||20px&#8221; custom_margin=&#8221;50px|||&#8221; background_color=&#8221;#45a8bc&#8221; custom_padding_last_edited=&#8221;on|phone&#8221; _builder_version=&#8221;3.0.106&#8243; background_color_gradient_direction=&#8221;106deg&#8221;][et_pb_column type=&#8221;1_2&#8243; _builder_version=&#8221;3.0.47&#8243; parallax=&#8221;off&#8221; parallax_method=&#8221;on&#8221;][et_pb_text _builder_version=&#8221;3.0.106&#8243;]<\/p>\n<p><span style=\"color: #ffffff;\">\u00a0<\/span><\/p>\n<p><span style=\"color: #ffffff;\"><\/span><\/p>\n<p><span style=\"color: #ffffff;\"><\/span><\/p>\n<p><span style=\"color: #ffffff;\"><\/span><\/p>\n<p><span style=\"color: #ffffff;\"><em><\/em><\/span><\/p>\n<p><span style=\"color: #ffffff;\"><em><\/em><\/span><\/p>\n<p><span style=\"color: #ffffff;\"><em>Situeret l\u00e6ring og mesterl\u00e6ring<\/em><\/span><\/p>\n<p><span style=\"color: #ffffff;\">Kort interview hvor Klaus Nielsen forklarer forskellen p\u00e5 situeret l\u00e6ring og mesterl\u00e6ring <\/span><\/p>\n<p><span style=\"color: #ffffff;\"><\/span><\/p>\n<p>[\/et_pb_text][et_pb_video src=&#8221;https:\/\/www.youtube.com\/watch?v=1eslFCK6gQo&#8221; _builder_version=&#8221;3.0.106&#8243;][\/et_pb_video][\/et_pb_column][et_pb_column type=&#8221;1_2&#8243; _builder_version=&#8221;3.0.47&#8243; parallax=&#8221;off&#8221; parallax_method=&#8221;on&#8221;][et_pb_text _builder_version=&#8221;3.0.106&#8243;]<\/p>\n<p><span style=\"font-size: 14px; color: #ffffff;\"><\/span><\/p>\n<p><em style=\"font-size: 14px; color: #ffffff;\"><\/em><\/p>\n<p><em style=\"font-size: 14px; color: #ffffff;\">Refleksionens betydning<\/em><span style=\"color: #ffffff; font-size: 14px;\"><\/span><\/p>\n<p><span style=\"color: #ffffff;\">Kort interview med Lene Tanggaard hvor hun forklarer forskellen p\u00e5 begreberne: \u2019Refleksion i praksis\u2019 og \u2019Refleksion over praksis\u2019<\/span><\/p>\n<p>\u00a0<\/p>\n<p>[\/et_pb_text][et_pb_video src=&#8221;https:\/\/www.youtube.com\/watch?v=vY02yjppqVA&#8221; _builder_version=&#8221;3.0.106&#8243;][\/et_pb_video][\/et_pb_column][\/et_pb_row][et_pb_row custom_padding=&#8221;24px|0px|11px|0px&#8221; _builder_version=&#8221;3.0.106&#8243;][et_pb_column type=&#8221;1_3&#8243; _builder_version=&#8221;3.0.106&#8243; parallax=&#8221;off&#8221; parallax_method=&#8221;on&#8221;][et_pb_text _builder_version=&#8221;3.0.106&#8243;]<\/p>\n<p>I kapitlet \u2019Centrale l\u00e6ringsterorier\u2019 omtales et udviklingsprojekt fra Viborg kommune, hvor kommunen i samarbejde med \u00a0Lene Tangg\u00e5rd og p\u00e6dagoger og l\u00e6rere fra Viborg har fors\u00f8gt at udvikle en f\u00e6lles\u00a0 begrebslig forst\u00e5else af b\u00f8rns l\u00e6reprocesser i dagtilbud og skole.<\/p>\n<p>I forbindelse med projektet er udgivet nedenst\u00e5ende pjece og tre sm\u00e5 film.<\/p>\n<p>Pjece:\u00a0 B\u00f8rns l\u00e6ring- et f\u00e6lles grundlag for b\u00f8rns l\u00e6ring<\/p>\n<p><span style=\"color: #e02b20;\"><a href=\"http:\/\/bhtommeliden.viborg.dk\/FrontEnd.aspx?id=2153906%20\" style=\"color: #e02b20;\">SE PJECE HER<\/a><\/span><\/p>\n<p>[\/et_pb_text][\/et_pb_column][et_pb_column type=&#8221;1_3&#8243; _builder_version=&#8221;3.0.106&#8243; parallax=&#8221;off&#8221; parallax_method=&#8221;on&#8221;][et_pb_text _builder_version=&#8221;3.0.106&#8243;]<\/p>\n<p><em>Opdagende skrivning<\/em><\/p>\n<p>\u2019Filmen viser, hvordan b\u00f8rnehaveklassen p\u00e5 S\u00f8holmskolen i Jystrup p\u00e5 bare fem m\u00e5neder finder en vej ind i skriftsprogsverdenen. B\u00f8rnene opdager skriftens lydprincipper ved, at de selv eksperimenterer med at formidle det, de har oplevet. Opdagende skrivning er en metode, hvor b\u00f8rnene gennem en f\u00e6lles oplevelse, samtale, modellering &#8211; tegninger og skrift, der overs\u00e6ttes og offentligg\u00f8res &#8211; oplever at kunne formidle det, de har p\u00e5 hjerte.<br \/> B\u00f8rnene udvikler sig i eget tempo. De skal ikke t\u00e6nke p\u00e5, om det de skriver er rigtigt. De arbejder funktionelt med sammenh\u00e6ngen mellem lyd og bogstav og skriver sig ind i l\u00e6sningen.\u2019<\/p>\n<p><a href=\"http:\/\/www.filmkompagniet.dk\/#\/opdagende-skrivning\/\"><span style=\"color: #ff0000;\">SE VIDEO HER<\/span><\/a><\/p>\n<p>[\/et_pb_text][\/et_pb_column][et_pb_column type=&#8221;1_3&#8243; _builder_version=&#8221;3.0.106&#8243; parallax=&#8221;off&#8221; parallax_method=&#8221;on&#8221;][\/et_pb_column][\/et_pb_row][\/et_pb_section]<\/p>\n","protected":false},"excerpt":{"rendered":"<p>l\u00e6ring B\u00f8rns l\u00e6ring 1: L\u00e6ringsbaner, 4\u00a0min. \u201dL\u00e6ringsbaner er de stier barnet og den unge tr\u00e6der gennem deltagelsen i mange forskellige sammenh\u00e6nge, hvor det skaber sit s\u00e6rlige forl\u00f8b eller udformer sin s\u00e6rlige, personlige l\u00e6ringsbane. Banen tegnes over tid og rummer kombinationer og sammenkoblinger af b\u00e5de uddannelse, arbejde, barnets personlige milep\u00e6le, livsbegivenheder og vigtige relationer og netv\u00e6rk\u201d [&hellip;]<\/p>\n","protected":false},"author":2,"featured_media":0,"parent":0,"menu_order":0,"comment_status":"closed","ping_status":"closed","template":"","meta":{"_et_pb_use_builder":"on","_et_pb_old_content":"","_et_gb_content_width":"","footnotes":""},"class_list":["post-92","page","type-page","status-publish","hentry"],"_links":{"self":[{"href":"https:\/\/boernslivoglaering.dk\/index.php?rest_route=\/wp\/v2\/pages\/92","targetHints":{"allow":["GET"]}}],"collection":[{"href":"https:\/\/boernslivoglaering.dk\/index.php?rest_route=\/wp\/v2\/pages"}],"about":[{"href":"https:\/\/boernslivoglaering.dk\/index.php?rest_route=\/wp\/v2\/types\/page"}],"author":[{"embeddable":true,"href":"https:\/\/boernslivoglaering.dk\/index.php?rest_route=\/wp\/v2\/users\/2"}],"replies":[{"embeddable":true,"href":"https:\/\/boernslivoglaering.dk\/index.php?rest_route=%2Fwp%2Fv2%2Fcomments&post=92"}],"version-history":[{"count":5,"href":"https:\/\/boernslivoglaering.dk\/index.php?rest_route=\/wp\/v2\/pages\/92\/revisions"}],"predecessor-version":[{"id":276,"href":"https:\/\/boernslivoglaering.dk\/index.php?rest_route=\/wp\/v2\/pages\/92\/revisions\/276"}],"wp:attachment":[{"href":"https:\/\/boernslivoglaering.dk\/index.php?rest_route=%2Fwp%2Fv2%2Fmedia&parent=92"}],"curies":[{"name":"wp","href":"https:\/\/api.w.org\/{rel}","templated":true}]}}