{"id":90,"date":"2018-03-13T14:12:42","date_gmt":"2018-03-13T14:12:42","guid":{"rendered":"http:\/\/boernslivoglaering.dk\/?page_id=90"},"modified":"2018-03-15T09:41:42","modified_gmt":"2018-03-15T09:41:42","slug":"barndom-2","status":"publish","type":"page","link":"https:\/\/boernslivoglaering.dk\/?page_id=90","title":{"rendered":"Barndom"},"content":{"rendered":"<p>[et_pb_section fb_built=&#8221;1&#8243; admin_label=&#8221;Features&#8221; _builder_version=&#8221;3.0.105&#8243; custom_margin=&#8221;|||&#8221; custom_padding=&#8221;||90px|&#8221;][et_pb_row custom_padding=&#8221;0|0px|0|0px&#8221; _builder_version=&#8221;3.0.106&#8243;][et_pb_column type=&#8221;2_3&#8243; _builder_version=&#8221;3.0.106&#8243; parallax=&#8221;off&#8221; parallax_method=&#8221;on&#8221;][et_pb_text _builder_version=&#8221;3.0.106&#8243; inline_fonts=&#8221;Archivo Black&#8221;]<\/p>\n<h1><span style=\"font-family: 'Archivo Black';\">BARNDOM<\/span><\/h1>\n<p>[\/et_pb_text][\/et_pb_column][et_pb_column type=&#8221;1_3&#8243; _builder_version=&#8221;3.0.106&#8243; parallax=&#8221;off&#8221; parallax_method=&#8221;on&#8221;][et_pb_image src=&#8221;http:\/\/boernslivoglaering.dk\/wp-content\/uploads\/2018\/03\/ikon_barndom_100x100mm.png&#8221; _builder_version=&#8221;3.0.106&#8243;][\/et_pb_image][\/et_pb_column][\/et_pb_row][et_pb_row custom_padding=&#8221;57px|50px|54px|50px&#8221; custom_padding_phone=&#8221;|20px||20px&#8221; custom_margin=&#8221;50px|||&#8221; background_color=&#8221;#45a8bc&#8221; custom_padding_last_edited=&#8221;on|phone&#8221; _builder_version=&#8221;3.0.106&#8243; background_color_gradient_direction=&#8221;106deg&#8221;][et_pb_column type=&#8221;1_3&#8243; _builder_version=&#8221;3.0.47&#8243; parallax=&#8221;off&#8221; parallax_method=&#8221;on&#8221;][et_pb_text _builder_version=&#8221;3.0.106&#8243;]<\/p>\n<p><span style=\"color: #ffffff;\"><em>Debat i Deadline d. 13.11.2012 mellem Jan Kampmann og Christine Antorini, 10 min.<\/em><\/span><\/p>\n<p><span style=\"color: #ffffff;\">Debatten drejer sig om den \u00f8gede skoleorientering i b\u00f8rnehaver. Jan Kampmann er bekymret over tendensen til, at b\u00f8rns liv i dagtilbud prim\u00e6rt skal dreje sig om at g\u00f8re b\u00f8rnene skoleparate. Der er for stort fokus p\u00e5, p\u00e6dagogiske aktiviteter, der skal give b\u00f8rn f\u00e6rdigheder, der kan m\u00e5les. Christine Antorini mener, det er vigtigt, at alle b\u00f8rn bliver s\u00e5 dygtige, som de kan blive, og derfor skal p\u00e6dagoger have fokus p\u00e5, hvordan de fx ved at deltage i b\u00f8rns leg kan give b\u00f8rnene ny viden og p\u00e6dagogerne skal bl.a. tr\u00e6ne b\u00f8rns sprog. Jan Kampmann mener, der er mere behov for en opm\u00e6rksomhed p\u00e5 b\u00f8rnenes egne projekter med fx at finde plads og position i b\u00f8rnegruppen.<\/span><\/p>\n<p>[\/et_pb_text][\/et_pb_column][et_pb_column type=&#8221;2_3&#8243; _builder_version=&#8221;3.0.47&#8243; parallax=&#8221;off&#8221; parallax_method=&#8221;on&#8221;][et_pb_video src=&#8221;https:\/\/youtu.be\/iS-hjMJKH7Y&#8221; _builder_version=&#8221;3.0.106&#8243;][\/et_pb_video][\/et_pb_column][\/et_pb_row][et_pb_row custom_padding=&#8221;24px|0px|11px|0px&#8221; _builder_version=&#8221;3.0.106&#8243;][et_pb_column type=&#8221;1_3&#8243; _builder_version=&#8221;3.0.106&#8243; parallax=&#8221;off&#8221; parallax_method=&#8221;on&#8221;][et_pb_text _builder_version=&#8221;3.0.106&#8243;]<\/p>\n<p><em>Stig Brostr\u00f8ms afskedsforel\u00e6sning: Fra struktureret p\u00e6dagogik til dynamisk didaktik, 60 min.<\/em><\/p>\n<p>I forel\u00e6sningen gennemg\u00e5r Stig Brostr\u00f8m hovedpunkterne fra hans arbejdsforl\u00f8b, fra 1970\u00b4erne og frem til nutiden. De sidste 30 minutter af forel\u00e6sningen handler om hvordan l\u00e6ringsdiskursen igennem de seneste ti \u00e5r er blevet dominerende i dagtilbud og Stig Brost\u00f8m understreger, at omsorg, opdragelse og undervisning b\u00f8r v\u00e6re i fokus sammen med dannelse og demokrati.<\/p>\n<p>Stig Brostr\u00f8m taler bl.a. om at empatisk samspil mellem barn og p\u00e6dagog med henblik p\u00e5 l\u00e6ring er det samme som undervisning, og han fremh\u00e6ver, at det i det p\u00e6dagogiske arbejde er vigtigt at finde balancen mellem p\u00e6dagogens\/l\u00e6rerens styring og barnets medbestemmelse.<\/p>\n<p><a href=\"http:\/\/edu.au.dk\/viden\/video\/fra-struktureret-paedagogik-til-dynamisk-didaktik\/\"><span style=\"color: #ff0000;\">SE VIDEO HER<\/span><\/a><\/p>\n<p>[\/et_pb_text][\/et_pb_column][et_pb_column type=&#8221;1_3&#8243; _builder_version=&#8221;3.0.106&#8243; parallax=&#8221;off&#8221; parallax_method=&#8221;on&#8221;][et_pb_text _builder_version=&#8221;3.0.106&#8243;]<\/p>\n<p><em>B\u00f8rn og unge i Danmark \u2013 velf\u00e6rd og trivsel: <\/em><\/p>\n<p>Uddrag fra unders\u00f8gelsens sammenfatning:<br \/> \u2019Unders\u00f8gelsens mange forskelligartede resultater leder ikke\u00a0samme sted hen. Ikke desto mindre tegner unders\u00f8gelsen samlet\u00a0set det overordnede indtryk, at udviklingen p\u00e5 en r\u00e6kke omr\u00e5der\u00a0synes at g\u00e5 i den rigtige retning. P\u00e5 nogle omr\u00e5der er tilstanden\u00a0status quo, mens der visse steder er tale om en forv\u00e6rring. I\u00a0forhold til sidstn\u00e6vnte vil vi pege p\u00e5 to forhold.<br \/> For det f\u00f8rste: Selvom den \u00f8konomiske afmatning efter finanskrisen\u00a0ikke generelt synes at p\u00e5virke b\u00f8rnebefolkningens materielle\u00a0velf\u00e6rd, ser vi alligevel tegn p\u00e5, at nogle af de socialt d\u00e5rligst\u00a0stillede b\u00f8rn er blevet mere udsatte. Der er grund til fremover at\u00a0f\u00f8lge, om der er tale om en udvikling, som bev\u00e6ger sig mod \u00f8get\u00a0social polarisering. Vi vil i den forbindelse tilf\u00f8je, at vi formoder, at\u00a0problemerne har et st\u00f8rre omfang, end denne rapport kan vise. Det\u00a0skyldes, at der er et betydeligt bortfald af respondenter fra netop\u00a0de mest socialt s\u00e5rbare grupper; en erfaring, der ogs\u00e5 kendes fra\u00a0andre interviewunders\u00f8gelser af sociale forhold i befolkningen.\u2019 <\/p>\n<p><a href=\"https:\/\/www.sfi.dk\/publikationer\/boern-og-unge-i-danmark-velfaerd-og-trivsel-2014-3057\/\"><span style=\"color: #ff0000;\">SE VIDEO HER<\/span><\/a><\/p>\n<p>[\/et_pb_text][\/et_pb_column][et_pb_column type=&#8221;1_3&#8243; _builder_version=&#8221;3.0.106&#8243; parallax=&#8221;off&#8221; parallax_method=&#8221;on&#8221;][et_pb_text _builder_version=&#8221;3.0.106&#8243;]<\/p>\n<p><span><em>Deadline d.6.9.17 hvor den norske filminstrukt\u00f8r Margreth Olin interviewes<\/em><\/span><\/p>\n<p>Margreth Olin har lavet dokumentarfilmen Barndom. Margreth Olin er kritisk overfor l\u00e6ringsdiskursen fremmarch i dagtilbud, som hun mener medf\u00f8rer stress og mistrivsel for mange b\u00f8rn og hendes opfattelse er at b\u00f8rn gennem legen udvikler de bedste foruds\u00e6tninger for at klare sig godt i skolen.\u00a0 Annegrethe Ahrenkiel fra RUC der\u00a0 og Agi Csonka fra SFI diskuterer senere i udsendelsen filmen.<\/p>\n<p><span style=\"color: #ff0000;\">SE DEADLINEPROGRAMMET HER<\/span><\/p>\n<p>\u201dDOXBIO biografpremiere 6. september 2017. Den norske mesterinstrukt\u00f8r Margreth Olin viser i sin nyeste film, hvordan det ser ud, n\u00e5r b\u00f8rn f\u00e5r lov at g\u00f8re det, de er bedst til: at lege \u2013 uden hensyn til l\u00e6replaner, l\u00e6ringsm\u00e5l og andre diktater. Olins sanselige og poetiske film l\u00e6gger op til debat om det stadig st\u00e6rkere fokus p\u00e5, at stadig yngre b\u00f8rn skal tilegne sig akademisk kundskab. \u201cDet tager tid at vokse op. Legen er barnets arbejde\u201d, siger instrukt\u00f8ren, og viser os det store i det sm\u00e5.\u201d<\/p>\n<p><span style=\"color: #ff0000;\"><a href=\"https:\/\/www.youtube.com\/watch?v=GsPLnoNZ-ac\" style=\"color: #ff0000;\">SE KLIP FRA FILMEN HER<\/a><\/span><\/p>\n<p>[\/et_pb_text][\/et_pb_column][\/et_pb_row][\/et_pb_section]<\/p>\n","protected":false},"excerpt":{"rendered":"<p>BARNDOMDebat i Deadline d. 13.11.2012 mellem Jan Kampmann og Christine Antorini, 10 min. Debatten drejer sig om den \u00f8gede skoleorientering i b\u00f8rnehaver. Jan Kampmann er bekymret over tendensen til, at b\u00f8rns liv i dagtilbud prim\u00e6rt skal dreje sig om at g\u00f8re b\u00f8rnene skoleparate. Der er for stort fokus p\u00e5, p\u00e6dagogiske aktiviteter, der skal give b\u00f8rn [&hellip;]<\/p>\n","protected":false},"author":2,"featured_media":0,"parent":0,"menu_order":0,"comment_status":"closed","ping_status":"closed","template":"","meta":{"_et_pb_use_builder":"on","_et_pb_old_content":"","_et_gb_content_width":"","footnotes":""},"class_list":["post-90","page","type-page","status-publish","hentry"],"_links":{"self":[{"href":"https:\/\/boernslivoglaering.dk\/index.php?rest_route=\/wp\/v2\/pages\/90","targetHints":{"allow":["GET"]}}],"collection":[{"href":"https:\/\/boernslivoglaering.dk\/index.php?rest_route=\/wp\/v2\/pages"}],"about":[{"href":"https:\/\/boernslivoglaering.dk\/index.php?rest_route=\/wp\/v2\/types\/page"}],"author":[{"embeddable":true,"href":"https:\/\/boernslivoglaering.dk\/index.php?rest_route=\/wp\/v2\/users\/2"}],"replies":[{"embeddable":true,"href":"https:\/\/boernslivoglaering.dk\/index.php?rest_route=%2Fwp%2Fv2%2Fcomments&post=90"}],"version-history":[{"count":5,"href":"https:\/\/boernslivoglaering.dk\/index.php?rest_route=\/wp\/v2\/pages\/90\/revisions"}],"predecessor-version":[{"id":277,"href":"https:\/\/boernslivoglaering.dk\/index.php?rest_route=\/wp\/v2\/pages\/90\/revisions\/277"}],"wp:attachment":[{"href":"https:\/\/boernslivoglaering.dk\/index.php?rest_route=%2Fwp%2Fv2%2Fmedia&parent=90"}],"curies":[{"name":"wp","href":"https:\/\/api.w.org\/{rel}","templated":true}]}}